{"id":5372,"date":"2014-03-17T17:07:21","date_gmt":"2014-03-17T15:07:21","guid":{"rendered":"https:\/\/www.kanellos.gr\/?page_id=5372"},"modified":"2025-05-07T20:58:23","modified_gmt":"2025-05-07T18:58:23","slug":"lebenslauf","status":"publish","type":"page","link":"https:\/\/www.kanellos.gr\/de\/lebenslauf\/","title":{"rendered":"Lebenslauf \u2013 Dr. med. Dimitrios Kanellos"},"content":{"rendered":"<section class=\"l-section wpb_row height_medium\"><div class=\"l-section-h i-cf\"><div class=\"g-cols vc_row via_grid cols_1 laptops-cols_inherit tablets-cols_inherit mobiles-cols_1 valign_top type_default stacking_default\"><div class=\"wpb_column vc_column_container\"><div class=\"vc_column-inner\"><div class=\"wpb_text_column\"><div class=\"wpb_wrapper\"><div class=\"bio\" align=\"justify\">\n<p><a ref=\"magnificPopup\" href=\"https:\/\/www.kanellos.gr\/wp-content\/uploads\/2025\/05\/DSC_8422-L2-scaled.jpg\"><img loading=\"lazy\" decoding=\"async\" class=\"alignleft size-medium wp-image-12373\" src=\"https:\/\/www.kanellos.gr\/wp-content\/uploads\/2025\/05\/DSC_8422-L2-196x300.jpg\" alt=\"\" width=\"196\" height=\"300\" srcset=\"https:\/\/www.kanellos.gr\/wp-content\/uploads\/2025\/05\/DSC_8422-L2-196x300.jpg 196w, https:\/\/www.kanellos.gr\/wp-content\/uploads\/2025\/05\/DSC_8422-L2-668x1024.jpg 668w, https:\/\/www.kanellos.gr\/wp-content\/uploads\/2025\/05\/DSC_8422-L2-scaled.jpg 1670w\" sizes=\"auto, (max-width: 196px) 100vw, 196px\" \/><\/a>Dr. med. Dimitrios Kanellos ist in Berlin geboren und aufgewachsen. Dr. D. Kanellos hat sein Studium an der <strong>Medizinischen Fakult\u00e4t der Aristoteles-Universit\u00e4t in Thessaloniki <\/strong>mit dem Grad Ausgezeichnet ( 8,7 \/ 10) absolviert.<\/p>\n<p><strong>Seine Aus- und Weiterbildung hat er in Deutschland absolviert. Von 2005 bis 2008 war er als Assistenzart f\u00fcr Chirurgie<\/strong> an der Abteilung f\u00fcr Viszeralchirurgie, Zentrum f\u00fcr Minimal Invasive Chirurgie und Dickdarm-\/ proktologische Chirurgie des <strong>Krankenhauses Siloah in Hannover <\/strong>t\u00e4tig. Von 2008 bis 2011 war er als Assistenzart f\u00fcr Chirurgie an der Abteilung f\u00fcr Viszeralchirurgie und Zentrum f\u00fcr Minimal Invasive Chirurgie,\u00a0 Adipositaschirurgie und Hernienzentrum des <strong>Vivantes Klinikum Spandau in Berlin <\/strong>t\u00e4tig. <strong>Im Jahr 2011 hat Dr. med. D. Kanellos von der \u00c4rztekammer Berlin den Titel des Facharztes f\u00fcr Chirurgie erhalten<\/strong>.<\/p>\n<p><strong>Im Jahr 2011 war er f\u00fcr ein Jahr als Facharzt f\u00fcr Chirurgie bei Vivantes Klinikum Spandau in Berlin t\u00e4tig<\/strong>.<\/p>\n<figure id=\"attachment_9503\" aria-describedby=\"caption-attachment-9503\" style=\"width: 2000px\" class=\"wp-caption alignleft\"><img loading=\"lazy\" decoding=\"async\" class=\"size-full wp-image-9503\" src=\"https:\/\/www.kanellos.gr\/wp-content\/uploads\/2018\/09\/3-format43.jpg\" alt=\"\" width=\"2000\" height=\"1081\" srcset=\"https:\/\/www.kanellos.gr\/wp-content\/uploads\/2018\/09\/3-format43.jpg 2000w, https:\/\/www.kanellos.gr\/wp-content\/uploads\/2018\/09\/3-format43-300x162.jpg 300w, https:\/\/www.kanellos.gr\/wp-content\/uploads\/2018\/09\/3-format43-1024x553.jpg 1024w\" sizes=\"auto, (max-width: 2000px) 100vw, 2000px\" \/><figcaption id=\"caption-attachment-9503\" class=\"wp-caption-text\">Vivantes Klinikum Spandau \u0392\u03b5\u03c1\u03bf\u03bb\u03af\u03bd\u03bf\u03c5<\/figcaption><\/figure>\n<p>Im Jahr 2009 beendete Dr. D. Kanellos seine <strong>Promotionsarbeit<\/strong> in der Chirurgie und erhielt den Titel des <strong>Doktors der Medizin an der Aristoteles-Universit\u00e4t in Thessaloniki<\/strong>. Des Weiteren, hat er mehrere Publikationen bei internationalen Fachzeitschriften und Pr\u00e4sentationen auf internationalen Kongressen durchgef\u00fchrt.<\/p>\n<p>Seit 2012 ist Dr. med. D. Kanellos in Thessaloniki (Griechenland) als <strong>Chirurg<\/strong> (Schwerpunkte: <strong>Laparoskopische Chirurgie<\/strong> &amp; <strong>Proktologie<\/strong>) bei den Privatkliniken <strong>Interbalkan Medical Center<\/strong> und<strong> St. Lukas <\/strong>t\u00e4tig.<\/p>\n<p>&nbsp;<\/p>\n<p>Gleichzeitig ist er weiterhin ein Mitglied der:<\/p>\n<ul>\n<li>Deutschen Gesellschaft f\u00fcr Allgemein- und Viszeralchirurgie (DGAV)<\/li>\n<\/ul>\n<p><img loading=\"lazy\" decoding=\"async\" class=\"aligncenter size-thumbnail wp-image-8258\" src=\"https:\/\/www.kanellos.gr\/wp-content\/uploads\/2013\/10\/dgav-150x150.png\" alt=\"\" width=\"150\" height=\"150\" \/><\/p>\n<p>&nbsp;<\/p>\n<ul>\n<li>Deutschen Chirurgischen Arbeitsgemainschaft f\u00fcr Minimal Invasive Chirurgie\u00a0(CAMIC)<\/li>\n<\/ul>\n<p><img loading=\"lazy\" decoding=\"async\" class=\"aligncenter size-thumbnail wp-image-8265\" src=\"https:\/\/www.kanellos.gr\/wp-content\/uploads\/2013\/10\/camic-150x150.png\" alt=\"\" width=\"150\" height=\"150\" srcset=\"https:\/\/www.kanellos.gr\/wp-content\/uploads\/2013\/10\/camic-150x150.png 150w, https:\/\/www.kanellos.gr\/wp-content\/uploads\/2013\/10\/camic.png 225w\" sizes=\"auto, (max-width: 150px) 100vw, 150px\" \/><\/p>\n<p>&nbsp;<\/p>\n<ul>\n<li>Deutschen Chirurgischen Arbeitsgemainschaft f\u00fcr Colo-Proctologie (CACP)<\/li>\n<\/ul>\n<p><img loading=\"lazy\" decoding=\"async\" class=\"aligncenter size-thumbnail wp-image-8260\" src=\"https:\/\/www.kanellos.gr\/wp-content\/uploads\/2013\/10\/cacp-150x150.jpg\" alt=\"\" width=\"150\" height=\"150\" srcset=\"https:\/\/www.kanellos.gr\/wp-content\/uploads\/2013\/10\/cacp-150x150.jpg 150w, https:\/\/www.kanellos.gr\/wp-content\/uploads\/2013\/10\/cacp.jpg 225w\" sizes=\"auto, (max-width: 150px) 100vw, 150px\" \/><\/p>\n<p>&nbsp;<\/p>\n<ul>\n<li>Deutschen Chirurgischen Arbeitsgemainschaft f\u00fcr Hernien (CAH)<\/li>\n<\/ul>\n<p><img loading=\"lazy\" decoding=\"async\" class=\"aligncenter size-thumbnail wp-image-8261\" src=\"https:\/\/www.kanellos.gr\/wp-content\/uploads\/2013\/10\/cah-150x150.jpg\" alt=\"\" width=\"150\" height=\"150\" srcset=\"https:\/\/www.kanellos.gr\/wp-content\/uploads\/2013\/10\/cah-150x150.jpg 150w, https:\/\/www.kanellos.gr\/wp-content\/uploads\/2013\/10\/cah.jpg 225w\" sizes=\"auto, (max-width: 150px) 100vw, 150px\" \/><\/p>\n<p>&nbsp;<\/p>\n<ul>\n<li>Deutschen Chirurgischen Arbeitsgemainschaft\u00a0f\u00fcr Adipositaschirurgie (CAADIP)<\/li>\n<\/ul>\n<p><img loading=\"lazy\" decoding=\"async\" class=\"aligncenter size-thumbnail wp-image-8262\" src=\"https:\/\/www.kanellos.gr\/wp-content\/uploads\/2013\/10\/caadip-150x150.jpg\" alt=\"\" width=\"150\" height=\"150\" srcset=\"https:\/\/www.kanellos.gr\/wp-content\/uploads\/2013\/10\/caadip-150x150.jpg 150w, https:\/\/www.kanellos.gr\/wp-content\/uploads\/2013\/10\/caadip.jpg 224w\" sizes=\"auto, (max-width: 150px) 100vw, 150px\" \/><\/p>\n<p>&nbsp;<\/p>\n<\/div>\n<ul>\n<li>Deutschen Chirurgischen Arbeitsgemainschaft f\u00fcr Robotische Chirurgie<\/li>\n<\/ul>\n<p><a ref=\"magnificPopup\" href=\"https:\/\/www.kanellos.gr\/wp-content\/uploads\/2024\/06\/\u03c1\u03bf\u03bc\u03c0\u03bf\u03c4\u03b9\u03ba\u03ae.png\"><img loading=\"lazy\" decoding=\"async\" class=\"aligncenter size-thumbnail wp-image-12063\" src=\"https:\/\/www.kanellos.gr\/wp-content\/uploads\/2024\/06\/\u03c1\u03bf\u03bc\u03c0\u03bf\u03c4\u03b9\u03ba\u03ae-150x150.png\" alt=\"\" width=\"150\" height=\"150\" srcset=\"https:\/\/www.kanellos.gr\/wp-content\/uploads\/2024\/06\/\u03c1\u03bf\u03bc\u03c0\u03bf\u03c4\u03b9\u03ba\u03ae-150x150.png 150w, https:\/\/www.kanellos.gr\/wp-content\/uploads\/2024\/06\/\u03c1\u03bf\u03bc\u03c0\u03bf\u03c4\u03b9\u03ba\u03ae-350x350.png 350w, https:\/\/www.kanellos.gr\/wp-content\/uploads\/2024\/06\/\u03c1\u03bf\u03bc\u03c0\u03bf\u03c4\u03b9\u03ba\u03ae-600x600.png 600w\" sizes=\"auto, (max-width: 150px) 100vw, 150px\" \/><\/a><\/p>\n<\/div><\/div><\/div><\/div><\/div><\/div><\/section>\n","protected":false},"excerpt":{"rendered":"Dr. med. Dimitrios Kanellos ist in Berlin geboren und aufgewachsen. Dr. D. Kanellos hat sein Studium an der Medizinischen Fakult\u00e4t der Aristoteles-Universit\u00e4t in Thessaloniki mit dem Grad Ausgezeichnet ( 8,7 \/ 10) absolviert. Seine Aus- und Weiterbildung hat er in Deutschland absolviert. Von 2005 bis 2008 war er als Assistenzart f\u00fcr Chirurgie an der Abteilung...","protected":false},"author":1,"featured_media":0,"parent":0,"menu_order":0,"comment_status":"closed","ping_status":"closed","template":"","meta":{"_acf_changed":false,"_monsterinsights_skip_tracking":false,"_monsterinsights_sitenote_active":false,"_monsterinsights_sitenote_note":"","_monsterinsights_sitenote_category":0,"footnotes":""},"class_list":["post-5372","page","type-page","status-publish","hentry"],"acf":[],"yoast_head":"<!-- This site is optimized with the Yoast SEO plugin v23.9 - https:\/\/yoast.com\/wordpress\/plugins\/seo\/ -->\n<title>Lebenslauf - Dr. med. Dimitrios Kanellos<\/title>\n<meta name=\"description\" content=\"Lebenslauf - Dr. med. Dimitrios Kanellos, Allgmeinchirurg in Thessaloniki, Griechenland\" \/>\n<meta name=\"robots\" content=\"index, follow, max-snippet:-1, max-image-preview:large, max-video-preview:-1\" \/>\n<link rel=\"canonical\" href=\"http:\/\/www.kanellos.gr\/de\/lebenslauf\/\" \/>\n<meta property=\"og:locale\" content=\"de_DE\" \/>\n<meta property=\"og:type\" content=\"article\" \/>\n<meta property=\"og:title\" content=\"Lebenslauf - Dr. med. Dimitrios Kanellos\" \/>\n<meta property=\"og:description\" content=\"Lebenslauf - Dr. med. Dimitrios Kanellos, Allgmeinchirurg in Thessaloniki, Griechenland\" \/>\n<meta property=\"og:url\" content=\"http:\/\/www.kanellos.gr\/de\/lebenslauf\/\" \/>\n<meta property=\"og:site_name\" content=\"\u03a7\u03b5\u03b9\u03c1\u03bf\u03c5\u03c1\u03b3\u03cc\u03c2 \u03c3\u03c4\u03b7 \u0398\u03b5\u03c3\u03c3\u03b1\u03bb\u03bf\u03bd\u03af\u03ba\u03b7 \/ Dr. \u0394\u03b7\u03bc\u03ae\u03c4\u03c1\u03b9\u03bf\u03c2 \u039a\u03b1\u03bd\u03ad\u03bb\u03bb\u03bf\u03c2\" \/>\n<meta property=\"article:modified_time\" content=\"2025-05-07T18:58:23+00:00\" \/>\n<meta property=\"og:image\" content=\"https:\/\/www.kanellos.gr\/wp-content\/uploads\/2025\/05\/DSC_8422-L2-196x300.jpg\" \/>\n<meta name=\"twitter:label1\" content=\"Gesch\u00e4tzte Lesezeit\" \/>\n\t<meta name=\"twitter:data1\" content=\"4\u00a0Minuten\" \/>\n<script type=\"application\/ld+json\" class=\"yoast-schema-graph\">{\"@context\":\"https:\/\/schema.org\",\"@graph\":[{\"@type\":\"WebPage\",\"@id\":\"http:\/\/www.kanellos.gr\/de\/lebenslauf\/\",\"url\":\"http:\/\/www.kanellos.gr\/de\/lebenslauf\/\",\"name\":\"Lebenslauf - Dr. med. Dimitrios Kanellos\",\"isPartOf\":{\"@id\":\"https:\/\/www.kanellos.gr\/de\/#website\"},\"primaryImageOfPage\":{\"@id\":\"http:\/\/www.kanellos.gr\/de\/lebenslauf\/#primaryimage\"},\"image\":{\"@id\":\"http:\/\/www.kanellos.gr\/de\/lebenslauf\/#primaryimage\"},\"thumbnailUrl\":\"https:\/\/www.kanellos.gr\/wp-content\/uploads\/2025\/05\/DSC_8422-L2-196x300.jpg\",\"datePublished\":\"2014-03-17T15:07:21+00:00\",\"dateModified\":\"2025-05-07T18:58:23+00:00\",\"description\":\"Lebenslauf - Dr. med. Dimitrios Kanellos, Allgmeinchirurg in Thessaloniki, Griechenland\",\"breadcrumb\":{\"@id\":\"http:\/\/www.kanellos.gr\/de\/lebenslauf\/#breadcrumb\"},\"inLanguage\":\"de\",\"potentialAction\":[{\"@type\":\"ReadAction\",\"target\":[\"http:\/\/www.kanellos.gr\/de\/lebenslauf\/\"]}]},{\"@type\":\"ImageObject\",\"inLanguage\":\"de\",\"@id\":\"http:\/\/www.kanellos.gr\/de\/lebenslauf\/#primaryimage\",\"url\":\"https:\/\/www.kanellos.gr\/wp-content\/uploads\/2025\/05\/DSC_8422-L2-196x300.jpg\",\"contentUrl\":\"https:\/\/www.kanellos.gr\/wp-content\/uploads\/2025\/05\/DSC_8422-L2-196x300.jpg\"},{\"@type\":\"BreadcrumbList\",\"@id\":\"http:\/\/www.kanellos.gr\/de\/lebenslauf\/#breadcrumb\",\"itemListElement\":[{\"@type\":\"ListItem\",\"position\":1,\"name\":\"Home\",\"item\":\"https:\/\/www.kanellos.gr\/de\/\"},{\"@type\":\"ListItem\",\"position\":2,\"name\":\"Lebenslauf \u2013 Dr. med. Dimitrios Kanellos\"}]},{\"@type\":\"WebSite\",\"@id\":\"https:\/\/www.kanellos.gr\/de\/#website\",\"url\":\"https:\/\/www.kanellos.gr\/de\/\",\"name\":\"\u03a7\u03b5\u03b9\u03c1\u03bf\u03c5\u03c1\u03b3\u03cc\u03c2 \u03c3\u03c4\u03b7 \u0398\u03b5\u03c3\u03c3\u03b1\u03bb\u03bf\u03bd\u03af\u03ba\u03b7 \/ Dr. \u0394\u03b7\u03bc\u03ae\u03c4\u03c1\u03b9\u03bf\u03c2 \u039a\u03b1\u03bd\u03ad\u03bb\u03bb\u03bf\u03c2\",\"description\":\"\",\"potentialAction\":[{\"@type\":\"SearchAction\",\"target\":{\"@type\":\"EntryPoint\",\"urlTemplate\":\"https:\/\/www.kanellos.gr\/de\/?s={search_term_string}\"},\"query-input\":{\"@type\":\"PropertyValueSpecification\",\"valueRequired\":true,\"valueName\":\"search_term_string\"}}],\"inLanguage\":\"de\"}]}<\/script>\n<!-- \/ Yoast SEO plugin. -->","yoast_head_json":{"title":"Lebenslauf - Dr. med. Dimitrios Kanellos","description":"Lebenslauf - Dr. med. Dimitrios Kanellos, Allgmeinchirurg in Thessaloniki, Griechenland","robots":{"index":"index","follow":"follow","max-snippet":"max-snippet:-1","max-image-preview":"max-image-preview:large","max-video-preview":"max-video-preview:-1"},"canonical":"http:\/\/www.kanellos.gr\/de\/lebenslauf\/","og_locale":"de_DE","og_type":"article","og_title":"Lebenslauf - Dr. med. Dimitrios Kanellos","og_description":"Lebenslauf - Dr. med. Dimitrios Kanellos, Allgmeinchirurg in Thessaloniki, Griechenland","og_url":"http:\/\/www.kanellos.gr\/de\/lebenslauf\/","og_site_name":"\u03a7\u03b5\u03b9\u03c1\u03bf\u03c5\u03c1\u03b3\u03cc\u03c2 \u03c3\u03c4\u03b7 \u0398\u03b5\u03c3\u03c3\u03b1\u03bb\u03bf\u03bd\u03af\u03ba\u03b7 \/ Dr. \u0394\u03b7\u03bc\u03ae\u03c4\u03c1\u03b9\u03bf\u03c2 \u039a\u03b1\u03bd\u03ad\u03bb\u03bb\u03bf\u03c2","article_modified_time":"2025-05-07T18:58:23+00:00","og_image":[{"url":"https:\/\/www.kanellos.gr\/wp-content\/uploads\/2025\/05\/DSC_8422-L2-196x300.jpg"}],"twitter_misc":{"Gesch\u00e4tzte Lesezeit":"4\u00a0Minuten"},"schema":{"@context":"https:\/\/schema.org","@graph":[{"@type":"WebPage","@id":"http:\/\/www.kanellos.gr\/de\/lebenslauf\/","url":"http:\/\/www.kanellos.gr\/de\/lebenslauf\/","name":"Lebenslauf - Dr. med. Dimitrios Kanellos","isPartOf":{"@id":"https:\/\/www.kanellos.gr\/de\/#website"},"primaryImageOfPage":{"@id":"http:\/\/www.kanellos.gr\/de\/lebenslauf\/#primaryimage"},"image":{"@id":"http:\/\/www.kanellos.gr\/de\/lebenslauf\/#primaryimage"},"thumbnailUrl":"https:\/\/www.kanellos.gr\/wp-content\/uploads\/2025\/05\/DSC_8422-L2-196x300.jpg","datePublished":"2014-03-17T15:07:21+00:00","dateModified":"2025-05-07T18:58:23+00:00","description":"Lebenslauf - Dr. med. Dimitrios Kanellos, Allgmeinchirurg in Thessaloniki, Griechenland","breadcrumb":{"@id":"http:\/\/www.kanellos.gr\/de\/lebenslauf\/#breadcrumb"},"inLanguage":"de","potentialAction":[{"@type":"ReadAction","target":["http:\/\/www.kanellos.gr\/de\/lebenslauf\/"]}]},{"@type":"ImageObject","inLanguage":"de","@id":"http:\/\/www.kanellos.gr\/de\/lebenslauf\/#primaryimage","url":"https:\/\/www.kanellos.gr\/wp-content\/uploads\/2025\/05\/DSC_8422-L2-196x300.jpg","contentUrl":"https:\/\/www.kanellos.gr\/wp-content\/uploads\/2025\/05\/DSC_8422-L2-196x300.jpg"},{"@type":"BreadcrumbList","@id":"http:\/\/www.kanellos.gr\/de\/lebenslauf\/#breadcrumb","itemListElement":[{"@type":"ListItem","position":1,"name":"Home","item":"https:\/\/www.kanellos.gr\/de\/"},{"@type":"ListItem","position":2,"name":"Lebenslauf \u2013 Dr. med. Dimitrios Kanellos"}]},{"@type":"WebSite","@id":"https:\/\/www.kanellos.gr\/de\/#website","url":"https:\/\/www.kanellos.gr\/de\/","name":"\u03a7\u03b5\u03b9\u03c1\u03bf\u03c5\u03c1\u03b3\u03cc\u03c2 \u03c3\u03c4\u03b7 \u0398\u03b5\u03c3\u03c3\u03b1\u03bb\u03bf\u03bd\u03af\u03ba\u03b7 \/ Dr. \u0394\u03b7\u03bc\u03ae\u03c4\u03c1\u03b9\u03bf\u03c2 \u039a\u03b1\u03bd\u03ad\u03bb\u03bb\u03bf\u03c2","description":"","potentialAction":[{"@type":"SearchAction","target":{"@type":"EntryPoint","urlTemplate":"https:\/\/www.kanellos.gr\/de\/?s={search_term_string}"},"query-input":{"@type":"PropertyValueSpecification","valueRequired":true,"valueName":"search_term_string"}}],"inLanguage":"de"}]}},"_links":{"self":[{"href":"https:\/\/www.kanellos.gr\/de\/wp-json\/wp\/v2\/pages\/5372","targetHints":{"allow":["GET"]}}],"collection":[{"href":"https:\/\/www.kanellos.gr\/de\/wp-json\/wp\/v2\/pages"}],"about":[{"href":"https:\/\/www.kanellos.gr\/de\/wp-json\/wp\/v2\/types\/page"}],"author":[{"embeddable":true,"href":"https:\/\/www.kanellos.gr\/de\/wp-json\/wp\/v2\/users\/1"}],"replies":[{"embeddable":true,"href":"https:\/\/www.kanellos.gr\/de\/wp-json\/wp\/v2\/comments?post=5372"}],"version-history":[{"count":0,"href":"https:\/\/www.kanellos.gr\/de\/wp-json\/wp\/v2\/pages\/5372\/revisions"}],"wp:attachment":[{"href":"https:\/\/www.kanellos.gr\/de\/wp-json\/wp\/v2\/media?parent=5372"}],"curies":[{"name":"wp","href":"https:\/\/api.w.org\/{rel}","templated":true}]}}